{"id":8484,"date":"2024-11-07T21:23:23","date_gmt":"2024-11-07T21:23:23","guid":{"rendered":"https:\/\/dev-v2.graecherhof.ch\/region\/"},"modified":"2025-01-08T09:09:38","modified_gmt":"2025-01-08T09:09:38","slug":"region","status":"publish","type":"page","link":"https:\/\/dev-v2.graecherhof.ch\/de\/region\/","title":{"rendered":"Region"},"content":{"rendered":"\t\t<div data-elementor-type=\"wp-page\" data-elementor-id=\"8484\" class=\"elementor elementor-8484 elementor-5072\" data-elementor-post-type=\"page\">\n\t\t\t\t\t\t<section class=\"elementor-section elementor-top-section elementor-element elementor-element-69d4e37 elementor-section-boxed elementor-section-height-default elementor-section-height-default elementor-invisible\" data-id=\"69d4e37\" data-element_type=\"section\" data-settings=\"{&quot;background_background&quot;:&quot;classic&quot;,&quot;animation&quot;:&quot;fadeIn&quot;}\">\n\t\t\t\t\t\t<div class=\"elementor-container elementor-column-gap-default\">\n\t\t\t\t\t<div class=\"elementor-column elementor-col-100 elementor-top-column elementor-element elementor-element-8bfa2d2\" data-id=\"8bfa2d2\" data-element_type=\"column\">\n\t\t\t<div class=\"elementor-widget-wrap elementor-element-populated\">\n\t\t\t\t\t\t<div class=\"elementor-element elementor-element-3bbfcfb elementor-widget__width-initial elementor-widget elementor-widget-hotelft_elementor_heading\" data-id=\"3bbfcfb\" data-element_type=\"widget\" data-widget_type=\"hotelft_elementor_heading.default\">\n\t\t\t\t<div class=\"elementor-widget-container\">\n\t\t\t\n\t\t \t<div class=\"ova-heading \">\n\t\t \t   <h1 class=\"title\">\t\t\t\t\t\t\t\t\t\t\tENTDECKEN Sie Gr\u00e4chen\t\t\t\t\t\t\t\t\t<\/h1>\t\t    <\/div>\n\n\t\t\t\t<\/div>\n\t\t\t\t<\/div>\n\t\t\t\t<div class=\"elementor-element elementor-element-152f677 elementor-widget__width-initial elementor-widget elementor-widget-hotelft_elementor_heading\" data-id=\"152f677\" data-element_type=\"widget\" data-widget_type=\"hotelft_elementor_heading.default\">\n\t\t\t\t<div class=\"elementor-widget-container\">\n\t\t\t\n\t\t \t<div class=\"ova-heading \">\n\t\t \t   <h1 class=\"title\">\t\t\t\t\t\t\t\t\t\t\tIhr perfekter Schweizer R\u00fcckzugsort\t\t\t\t\t\t\t\t\t<\/h1>\t\t    <\/div>\n\n\t\t\t\t<\/div>\n\t\t\t\t<\/div>\n\t\t\t\t<div class=\"elementor-element elementor-element-1f702c2 elementor-widget__width-initial elementor-widget-mobile__width-initial elementor-widget elementor-widget-text-editor\" data-id=\"1f702c2\" data-element_type=\"widget\" data-widget_type=\"text-editor.default\">\n\t\t\t\t<div class=\"elementor-widget-container\">\n\t\t\t\t\t\t\tEingebettet im Oberwallis liegt Gr\u00e4chen auf einer H\u00f6he von 1.620 Metern im S\u00fcden der Schweiz. G\u00fcnstig gelegen zwischen Zermatt, Saas-Fee und Brig, bietet es mit bis zu 300 Sonnentagen im Jahr eine sonnige Auszeit. Nur eine kurze Fahrt von der italienischen Grenze entfernt, ist Gr\u00e4chen ein ruhiger Zufluchtsort voller Aktivit\u00e4ten f\u00fcr jedes Alter.\t\t\t\t\t\t<\/div>\n\t\t\t\t<\/div>\n\t\t\t\t\t<\/div>\n\t\t<\/div>\n\t\t\t\t\t<\/div>\n\t\t<\/section>\n\t\t\t\t<section class=\"elementor-section elementor-top-section elementor-element elementor-element-6dd88c1 elementor-section-boxed elementor-section-height-default elementor-section-height-default elementor-invisible\" data-id=\"6dd88c1\" data-element_type=\"section\" data-settings=\"{&quot;animation&quot;:&quot;fadeInUp&quot;}\">\n\t\t\t\t\t\t<div class=\"elementor-container elementor-column-gap-default\">\n\t\t\t\t\t<div class=\"elementor-column elementor-col-100 elementor-top-column elementor-element elementor-element-d34d91c\" data-id=\"d34d91c\" data-element_type=\"column\">\n\t\t\t<div class=\"elementor-widget-wrap elementor-element-populated\">\n\t\t\t\t\t\t<div class=\"elementor-element elementor-element-73f3b54 elementor-widget elementor-widget-image\" data-id=\"73f3b54\" data-element_type=\"widget\" data-widget_type=\"image.default\">\n\t\t\t\t<div class=\"elementor-widget-container\">\n\t\t\t\t\t\t\t\t\t\t\t\t\t<img fetchpriority=\"high\" decoding=\"async\" width=\"963\" height=\"542\" src=\"https:\/\/dev-v2.graecherhof.ch\/wp-content\/uploads\/2024\/11\/Asset-2.png\" class=\"attachment-full size-full wp-image-5198\" alt=\"Hiking in Gr\u00e4chen Alps\" srcset=\"https:\/\/dev-v2.graecherhof.ch\/wp-content\/uploads\/2024\/11\/Asset-2.png 963w, https:\/\/dev-v2.graecherhof.ch\/wp-content\/uploads\/2024\/11\/Asset-2-300x169.png 300w, https:\/\/dev-v2.graecherhof.ch\/wp-content\/uploads\/2024\/11\/Asset-2-768x432.png 768w, https:\/\/dev-v2.graecherhof.ch\/wp-content\/uploads\/2024\/11\/Asset-2-600x338.png 600w\" sizes=\"(max-width: 963px) 100vw, 963px\" \/>\t\t\t\t\t\t\t\t\t\t\t\t\t<\/div>\n\t\t\t\t<\/div>\n\t\t\t\t\t<\/div>\n\t\t<\/div>\n\t\t\t\t\t<\/div>\n\t\t<\/section>\n\t\t\t\t<section class=\"elementor-section elementor-top-section elementor-element elementor-element-11f27af elementor-hidden-mobile elementor-section-boxed elementor-section-height-default elementor-section-height-default elementor-invisible\" data-id=\"11f27af\" data-element_type=\"section\" data-settings=\"{&quot;animation&quot;:&quot;fadeIn&quot;}\">\n\t\t\t\t\t\t<div class=\"elementor-container elementor-column-gap-default\">\n\t\t\t\t\t<div class=\"elementor-column elementor-col-100 elementor-top-column elementor-element elementor-element-2c46610\" data-id=\"2c46610\" data-element_type=\"column\">\n\t\t\t<div class=\"elementor-widget-wrap elementor-element-populated\">\n\t\t\t\t\t\t<section class=\"elementor-section elementor-inner-section elementor-element elementor-element-b7944b1 elementor-section-full_width elementor-section-height-default elementor-section-height-default\" data-id=\"b7944b1\" data-element_type=\"section\">\n\t\t\t\t\t\t<div class=\"elementor-container elementor-column-gap-no\">\n\t\t\t\t\t<div class=\"elementor-column elementor-col-50 elementor-inner-column elementor-element elementor-element-6fd041e\" data-id=\"6fd041e\" data-element_type=\"column\">\n\t\t\t<div class=\"elementor-widget-wrap elementor-element-populated\">\n\t\t\t\t\t\t<div class=\"elementor-element elementor-element-1229379 elementor-widget elementor-widget-image\" data-id=\"1229379\" data-element_type=\"widget\" data-widget_type=\"image.default\">\n\t\t\t\t<div class=\"elementor-widget-container\">\n\t\t\t\t\t\t\t\t\t\t\t\t\t<img decoding=\"async\" width=\"1600\" height=\"1066\" src=\"https:\/\/dev-v2.graecherhof.ch\/wp-content\/uploads\/2024\/11\/WhatsApp-Image-2024-11-08-at-12.48.41-PM-1.jpeg\" class=\"attachment-full size-full wp-image-5178\" alt=\"Hiking in Gr\u00e4chen Alps\" srcset=\"https:\/\/dev-v2.graecherhof.ch\/wp-content\/uploads\/2024\/11\/WhatsApp-Image-2024-11-08-at-12.48.41-PM-1.jpeg 1600w, https:\/\/dev-v2.graecherhof.ch\/wp-content\/uploads\/2024\/11\/WhatsApp-Image-2024-11-08-at-12.48.41-PM-1-300x200.jpeg 300w, https:\/\/dev-v2.graecherhof.ch\/wp-content\/uploads\/2024\/11\/WhatsApp-Image-2024-11-08-at-12.48.41-PM-1-1024x682.jpeg 1024w, https:\/\/dev-v2.graecherhof.ch\/wp-content\/uploads\/2024\/11\/WhatsApp-Image-2024-11-08-at-12.48.41-PM-1-768x512.jpeg 768w, https:\/\/dev-v2.graecherhof.ch\/wp-content\/uploads\/2024\/11\/WhatsApp-Image-2024-11-08-at-12.48.41-PM-1-1536x1023.jpeg 1536w, https:\/\/dev-v2.graecherhof.ch\/wp-content\/uploads\/2024\/11\/WhatsApp-Image-2024-11-08-at-12.48.41-PM-1-600x400.jpeg 600w\" sizes=\"(max-width: 1600px) 100vw, 1600px\" \/>\t\t\t\t\t\t\t\t\t\t\t\t\t<\/div>\n\t\t\t\t<\/div>\n\t\t\t\t\t<\/div>\n\t\t<\/div>\n\t\t\t\t<div class=\"elementor-column elementor-col-50 elementor-inner-column elementor-element elementor-element-6c6cf82\" data-id=\"6c6cf82\" data-element_type=\"column\">\n\t\t\t<div class=\"elementor-widget-wrap elementor-element-populated\">\n\t\t\t\t\t\t<div class=\"elementor-element elementor-element-82682df elementor-widget elementor-widget-heading\" data-id=\"82682df\" data-element_type=\"widget\" data-widget_type=\"heading.default\">\n\t\t\t\t<div class=\"elementor-widget-container\">\n\t\t\t<h2 class=\"elementor-heading-title elementor-size-default\">Warum Gr\u00e4chen?<\/h2>\t\t<\/div>\n\t\t\t\t<\/div>\n\t\t\t\t<div class=\"elementor-element elementor-element-92e034f elementor-widget__width-initial elementor-widget elementor-widget-text-editor\" data-id=\"92e034f\" data-element_type=\"widget\" data-widget_type=\"text-editor.default\">\n\t\t\t\t<div class=\"elementor-widget-container\">\n\t\t\t\t\t\t\tEgal, ob Sie aus Italien anreisen oder Europa mit einem vollen Reiseplan erkunden \u2013 Gr\u00e4chen ist ideal gelegen, um Top-Destinationen leicht zu erreichen. Besuchen Sie von hier aus ikonische Orte wie Zermatt, die Heimat des Matterhorns, oder Saas-Fee, umgeben von 13 Gipfeln \u00fcber 4.000 Metern. Genie\u00dfen Sie den Charme und die Ruhe von Gr\u00e4chen, w\u00e4hrend Sie gleichzeitig in der N\u00e4he lebhafter Touristen-Hotspots sind.\t\t\t\t\t\t<\/div>\n\t\t\t\t<\/div>\n\t\t\t\t\t<\/div>\n\t\t<\/div>\n\t\t\t\t\t<\/div>\n\t\t<\/section>\n\t\t\t\t<section class=\"elementor-section elementor-inner-section elementor-element elementor-element-70dd04c elementor-section-full_width elementor-section-height-default elementor-section-height-default\" data-id=\"70dd04c\" data-element_type=\"section\">\n\t\t\t\t\t\t<div class=\"elementor-container elementor-column-gap-no\">\n\t\t\t\t\t<div class=\"elementor-column elementor-col-50 elementor-inner-column elementor-element elementor-element-9dabacf\" data-id=\"9dabacf\" data-element_type=\"column\">\n\t\t\t<div class=\"elementor-widget-wrap elementor-element-populated\">\n\t\t\t\t\t\t<div class=\"elementor-element elementor-element-31a4fbb elementor-widget elementor-widget-heading\" data-id=\"31a4fbb\" data-element_type=\"widget\" data-widget_type=\"heading.default\">\n\t\t\t\t<div class=\"elementor-widget-container\">\n\t\t\t<h2 class=\"elementor-heading-title elementor-size-default\">Familienfreundliche Abenteuer<\/h2>\t\t<\/div>\n\t\t\t\t<\/div>\n\t\t\t\t<div class=\"elementor-element elementor-element-2197c34 elementor-widget__width-initial elementor-widget elementor-widget-text-editor\" data-id=\"2197c34\" data-element_type=\"widget\" data-widget_type=\"text-editor.default\">\n\t\t\t\t<div class=\"elementor-widget-container\">\n\t\t\t\t\t\t\tGr\u00e4chen ist ein magisches Reiseziel f\u00fcr Familien! Nur wenige Schritte von Ihrem Hotel entfernt k\u00f6nnen Sie mit der zauberhaften M\u00e4rchengondel zur Hannigalp fahren, wo Kinder Cervelat (eine Schweizer Wurst) \u00fcber offenen Feuern grillen k\u00f6nnen. Mit zahlreichen Aktivit\u00e4ten f\u00fcr Kinder ist Gr\u00e4chen ein Paradies f\u00fcr Familien, die Spa\u00df und Entspannung suchen.\t\t\t\t\t\t<\/div>\n\t\t\t\t<\/div>\n\t\t\t\t\t<\/div>\n\t\t<\/div>\n\t\t\t\t<div class=\"elementor-column elementor-col-50 elementor-inner-column elementor-element elementor-element-c4724b5\" data-id=\"c4724b5\" data-element_type=\"column\">\n\t\t\t<div class=\"elementor-widget-wrap elementor-element-populated\">\n\t\t\t\t\t\t<div class=\"elementor-element elementor-element-421be94 elementor-widget elementor-widget-image\" data-id=\"421be94\" data-element_type=\"widget\" data-widget_type=\"image.default\">\n\t\t\t\t<div class=\"elementor-widget-container\">\n\t\t\t\t\t\t\t\t\t\t\t\t\t<img decoding=\"async\" width=\"1350\" height=\"900\" src=\"https:\/\/dev-v2.graecherhof.ch\/wp-content\/uploads\/2024\/11\/eed0e7210f442c2cded69c172f267222.jpg\" class=\"attachment-full size-full wp-image-5180\" alt=\"Hiking in Gr\u00e4chen Alps\" srcset=\"https:\/\/dev-v2.graecherhof.ch\/wp-content\/uploads\/2024\/11\/eed0e7210f442c2cded69c172f267222.jpg 1350w, https:\/\/dev-v2.graecherhof.ch\/wp-content\/uploads\/2024\/11\/eed0e7210f442c2cded69c172f267222-300x200.jpg 300w, https:\/\/dev-v2.graecherhof.ch\/wp-content\/uploads\/2024\/11\/eed0e7210f442c2cded69c172f267222-1024x683.jpg 1024w, https:\/\/dev-v2.graecherhof.ch\/wp-content\/uploads\/2024\/11\/eed0e7210f442c2cded69c172f267222-768x512.jpg 768w, https:\/\/dev-v2.graecherhof.ch\/wp-content\/uploads\/2024\/11\/eed0e7210f442c2cded69c172f267222-600x400.jpg 600w\" sizes=\"(max-width: 1350px) 100vw, 1350px\" \/>\t\t\t\t\t\t\t\t\t\t\t\t\t<\/div>\n\t\t\t\t<\/div>\n\t\t\t\t\t<\/div>\n\t\t<\/div>\n\t\t\t\t\t<\/div>\n\t\t<\/section>\n\t\t\t\t<section class=\"elementor-section elementor-inner-section elementor-element elementor-element-36e6116 elementor-section-full_width elementor-section-height-default elementor-section-height-default\" data-id=\"36e6116\" data-element_type=\"section\">\n\t\t\t\t\t\t<div class=\"elementor-container elementor-column-gap-no\">\n\t\t\t\t\t<div class=\"elementor-column elementor-col-50 elementor-inner-column elementor-element elementor-element-1ead34d\" data-id=\"1ead34d\" data-element_type=\"column\">\n\t\t\t<div class=\"elementor-widget-wrap elementor-element-populated\">\n\t\t\t\t\t\t<div class=\"elementor-element elementor-element-3632f43 elementor-widget elementor-widget-image\" data-id=\"3632f43\" data-element_type=\"widget\" data-widget_type=\"image.default\">\n\t\t\t\t<div class=\"elementor-widget-container\">\n\t\t\t\t\t\t\t\t\t\t\t\t\t<img loading=\"lazy\" decoding=\"async\" width=\"1050\" height=\"700\" src=\"https:\/\/dev-v2.graecherhof.ch\/wp-content\/uploads\/2024\/11\/WhatsApp-Image-2024-11-08-at-12.48.41-PM.jpeg\" class=\"attachment-full size-full wp-image-5179\" alt=\"Family skiing in Gr\u00e4chen\" srcset=\"https:\/\/dev-v2.graecherhof.ch\/wp-content\/uploads\/2024\/11\/WhatsApp-Image-2024-11-08-at-12.48.41-PM.jpeg 1050w, https:\/\/dev-v2.graecherhof.ch\/wp-content\/uploads\/2024\/11\/WhatsApp-Image-2024-11-08-at-12.48.41-PM-300x200.jpeg 300w, https:\/\/dev-v2.graecherhof.ch\/wp-content\/uploads\/2024\/11\/WhatsApp-Image-2024-11-08-at-12.48.41-PM-1024x683.jpeg 1024w, https:\/\/dev-v2.graecherhof.ch\/wp-content\/uploads\/2024\/11\/WhatsApp-Image-2024-11-08-at-12.48.41-PM-768x512.jpeg 768w, https:\/\/dev-v2.graecherhof.ch\/wp-content\/uploads\/2024\/11\/WhatsApp-Image-2024-11-08-at-12.48.41-PM-600x400.jpeg 600w\" sizes=\"(max-width: 1050px) 100vw, 1050px\" \/>\t\t\t\t\t\t\t\t\t\t\t\t\t<\/div>\n\t\t\t\t<\/div>\n\t\t\t\t\t<\/div>\n\t\t<\/div>\n\t\t\t\t<div class=\"elementor-column elementor-col-50 elementor-inner-column elementor-element elementor-element-e9e9138\" data-id=\"e9e9138\" data-element_type=\"column\">\n\t\t\t<div class=\"elementor-widget-wrap elementor-element-populated\">\n\t\t\t\t\t\t<div class=\"elementor-element elementor-element-a6f872f elementor-widget elementor-widget-heading\" data-id=\"a6f872f\" data-element_type=\"widget\" data-widget_type=\"heading.default\">\n\t\t\t\t<div class=\"elementor-widget-container\">\n\t\t\t<h2 class=\"elementor-heading-title elementor-size-default\">Tierwelt und malerisches Wandern<\/h2>\t\t<\/div>\n\t\t\t\t<\/div>\n\t\t\t\t<div class=\"elementor-element elementor-element-e790015 elementor-widget__width-initial elementor-widget elementor-widget-text-editor\" data-id=\"e790015\" data-element_type=\"widget\" data-widget_type=\"text-editor.default\">\n\t\t\t\t<div class=\"elementor-widget-container\">\n\t\t\t\t\t\t\tOutdoor-Enthusiasten werden die malerischen Wege zum Wannihorn oder Seetalhorn lieben, die atemberaubende Ausblicke und die M\u00f6glichkeit bieten, G\u00e4msen, Steinb\u00f6cke und andere Wildtiere zu beobachten. F\u00fcr ein besonderes Erlebnis erkunden Sie den ber\u00fchmten H\u00f6henweg Gr\u00e4chen\u2013Saas-Fee oder genie\u00dfen Sie einen gem\u00fctlichen Spaziergang entlang der historischen Wasserkan\u00e4le (Suonen).\t\t\t\t\t\t<\/div>\n\t\t\t\t<\/div>\n\t\t\t\t\t<\/div>\n\t\t<\/div>\n\t\t\t\t\t<\/div>\n\t\t<\/section>\n\t\t\t\t\t<\/div>\n\t\t<\/div>\n\t\t\t\t\t<\/div>\n\t\t<\/section>\n\t\t\t\t<section class=\"elementor-section elementor-top-section elementor-element elementor-element-72af7b1 elementor-hidden-desktop elementor-hidden-tablet elementor-section-boxed elementor-section-height-default elementor-section-height-default\" data-id=\"72af7b1\" data-element_type=\"section\">\n\t\t\t\t\t\t<div class=\"elementor-container elementor-column-gap-default\">\n\t\t\t\t\t<div class=\"elementor-column elementor-col-100 elementor-top-column elementor-element elementor-element-4f66a07\" data-id=\"4f66a07\" data-element_type=\"column\">\n\t\t\t<div class=\"elementor-widget-wrap elementor-element-populated\">\n\t\t\t\t\t\t<section class=\"elementor-section elementor-inner-section elementor-element elementor-element-d677c3d elementor-section-full_width elementor-section-height-default elementor-section-height-default\" data-id=\"d677c3d\" data-element_type=\"section\">\n\t\t\t\t\t\t<div class=\"elementor-container elementor-column-gap-no\">\n\t\t\t\t\t<div class=\"elementor-column elementor-col-50 elementor-inner-column elementor-element elementor-element-54da1d8\" data-id=\"54da1d8\" data-element_type=\"column\">\n\t\t\t<div class=\"elementor-widget-wrap elementor-element-populated\">\n\t\t\t\t\t\t<div class=\"elementor-element elementor-element-119461f elementor-widget elementor-widget-heading\" data-id=\"119461f\" data-element_type=\"widget\" data-widget_type=\"heading.default\">\n\t\t\t\t<div class=\"elementor-widget-container\">\n\t\t\t<h2 class=\"elementor-heading-title elementor-size-default\">Warum Gr\u00e4chen?<\/h2>\t\t<\/div>\n\t\t\t\t<\/div>\n\t\t\t\t<div class=\"elementor-element elementor-element-5b7af03 elementor-widget__width-initial elementor-widget elementor-widget-text-editor\" data-id=\"5b7af03\" data-element_type=\"widget\" data-widget_type=\"text-editor.default\">\n\t\t\t\t<div class=\"elementor-widget-container\">\n\t\t\t\t\t\t\tEgal, ob Sie aus Italien anreisen oder Europa mit einem vollen Reiseplan erkunden \u2013 Gr\u00e4chen ist ideal gelegen, um Top-Destinationen leicht zu erreichen. Besuchen Sie von hier aus ikonische Orte wie Zermatt, die Heimat des Matterhorns, oder Saas-Fee, umgeben von 13 Gipfeln \u00fcber 4.000 Metern. Genie\u00dfen Sie den Charme und die Ruhe von Gr\u00e4chen, w\u00e4hrend Sie gleichzeitig in der N\u00e4he lebhafter Touristen-Hotspots sind.\t\t\t\t\t\t<\/div>\n\t\t\t\t<\/div>\n\t\t\t\t\t<\/div>\n\t\t<\/div>\n\t\t\t\t<div class=\"elementor-column elementor-col-50 elementor-inner-column elementor-element elementor-element-2a68896\" data-id=\"2a68896\" data-element_type=\"column\">\n\t\t\t<div class=\"elementor-widget-wrap elementor-element-populated\">\n\t\t\t\t\t\t<div class=\"elementor-element elementor-element-bab9288 elementor-widget elementor-widget-image\" data-id=\"bab9288\" data-element_type=\"widget\" data-widget_type=\"image.default\">\n\t\t\t\t<div class=\"elementor-widget-container\">\n\t\t\t\t\t\t\t\t\t\t\t\t\t<img decoding=\"async\" width=\"1600\" height=\"1066\" src=\"https:\/\/dev-v2.graecherhof.ch\/wp-content\/uploads\/2024\/11\/WhatsApp-Image-2024-11-08-at-12.48.41-PM-1.jpeg\" class=\"attachment-full size-full wp-image-5178\" alt=\"Hiking in Gr\u00e4chen Alps\" srcset=\"https:\/\/dev-v2.graecherhof.ch\/wp-content\/uploads\/2024\/11\/WhatsApp-Image-2024-11-08-at-12.48.41-PM-1.jpeg 1600w, https:\/\/dev-v2.graecherhof.ch\/wp-content\/uploads\/2024\/11\/WhatsApp-Image-2024-11-08-at-12.48.41-PM-1-300x200.jpeg 300w, https:\/\/dev-v2.graecherhof.ch\/wp-content\/uploads\/2024\/11\/WhatsApp-Image-2024-11-08-at-12.48.41-PM-1-1024x682.jpeg 1024w, https:\/\/dev-v2.graecherhof.ch\/wp-content\/uploads\/2024\/11\/WhatsApp-Image-2024-11-08-at-12.48.41-PM-1-768x512.jpeg 768w, https:\/\/dev-v2.graecherhof.ch\/wp-content\/uploads\/2024\/11\/WhatsApp-Image-2024-11-08-at-12.48.41-PM-1-1536x1023.jpeg 1536w, https:\/\/dev-v2.graecherhof.ch\/wp-content\/uploads\/2024\/11\/WhatsApp-Image-2024-11-08-at-12.48.41-PM-1-600x400.jpeg 600w\" sizes=\"(max-width: 1600px) 100vw, 1600px\" \/>\t\t\t\t\t\t\t\t\t\t\t\t\t<\/div>\n\t\t\t\t<\/div>\n\t\t\t\t\t<\/div>\n\t\t<\/div>\n\t\t\t\t\t<\/div>\n\t\t<\/section>\n\t\t\t\t<section class=\"elementor-section elementor-inner-section elementor-element elementor-element-c32b4f1 elementor-section-full_width elementor-section-height-default elementor-section-height-default\" data-id=\"c32b4f1\" data-element_type=\"section\">\n\t\t\t\t\t\t<div class=\"elementor-container elementor-column-gap-no\">\n\t\t\t\t\t<div class=\"elementor-column elementor-col-50 elementor-inner-column elementor-element elementor-element-a414827\" data-id=\"a414827\" data-element_type=\"column\">\n\t\t\t<div class=\"elementor-widget-wrap elementor-element-populated\">\n\t\t\t\t\t\t<div class=\"elementor-element elementor-element-ee48131 elementor-widget elementor-widget-heading\" data-id=\"ee48131\" data-element_type=\"widget\" data-widget_type=\"heading.default\">\n\t\t\t\t<div class=\"elementor-widget-container\">\n\t\t\t<h2 class=\"elementor-heading-title elementor-size-default\">Familienfreundliche Abenteuer<\/h2>\t\t<\/div>\n\t\t\t\t<\/div>\n\t\t\t\t<div class=\"elementor-element elementor-element-f123757 elementor-widget__width-initial elementor-widget elementor-widget-text-editor\" data-id=\"f123757\" data-element_type=\"widget\" data-widget_type=\"text-editor.default\">\n\t\t\t\t<div class=\"elementor-widget-container\">\n\t\t\t\t\t\t\tGr\u00e4chen ist ein magisches Reiseziel f\u00fcr Familien! Nur wenige Schritte von Ihrem Hotel entfernt k\u00f6nnen Sie mit der zauberhaften M\u00e4rchengondel zur Hannigalp fahren, wo Kinder Cervelat (eine Schweizer Wurst) \u00fcber offenen Feuern grillen k\u00f6nnen. Mit zahlreichen Aktivit\u00e4ten f\u00fcr Kinder ist Gr\u00e4chen ein Paradies f\u00fcr Familien, die Spa\u00df und Entspannung suchen.\t\t\t\t\t\t<\/div>\n\t\t\t\t<\/div>\n\t\t\t\t\t<\/div>\n\t\t<\/div>\n\t\t\t\t<div class=\"elementor-column elementor-col-50 elementor-inner-column elementor-element elementor-element-605fd0f\" data-id=\"605fd0f\" data-element_type=\"column\">\n\t\t\t<div class=\"elementor-widget-wrap elementor-element-populated\">\n\t\t\t\t\t\t<div class=\"elementor-element elementor-element-da78249 elementor-widget elementor-widget-image\" data-id=\"da78249\" data-element_type=\"widget\" data-widget_type=\"image.default\">\n\t\t\t\t<div class=\"elementor-widget-container\">\n\t\t\t\t\t\t\t\t\t\t\t\t\t<img decoding=\"async\" width=\"1350\" height=\"900\" src=\"https:\/\/dev-v2.graecherhof.ch\/wp-content\/uploads\/2024\/11\/eed0e7210f442c2cded69c172f267222.jpg\" class=\"attachment-full size-full wp-image-5180\" alt=\"Hiking in Gr\u00e4chen Alps\" srcset=\"https:\/\/dev-v2.graecherhof.ch\/wp-content\/uploads\/2024\/11\/eed0e7210f442c2cded69c172f267222.jpg 1350w, https:\/\/dev-v2.graecherhof.ch\/wp-content\/uploads\/2024\/11\/eed0e7210f442c2cded69c172f267222-300x200.jpg 300w, https:\/\/dev-v2.graecherhof.ch\/wp-content\/uploads\/2024\/11\/eed0e7210f442c2cded69c172f267222-1024x683.jpg 1024w, https:\/\/dev-v2.graecherhof.ch\/wp-content\/uploads\/2024\/11\/eed0e7210f442c2cded69c172f267222-768x512.jpg 768w, https:\/\/dev-v2.graecherhof.ch\/wp-content\/uploads\/2024\/11\/eed0e7210f442c2cded69c172f267222-600x400.jpg 600w\" sizes=\"(max-width: 1350px) 100vw, 1350px\" \/>\t\t\t\t\t\t\t\t\t\t\t\t\t<\/div>\n\t\t\t\t<\/div>\n\t\t\t\t\t<\/div>\n\t\t<\/div>\n\t\t\t\t\t<\/div>\n\t\t<\/section>\n\t\t\t\t<section class=\"elementor-section elementor-inner-section elementor-element elementor-element-a5264e3 elementor-section-full_width elementor-section-height-default elementor-section-height-default\" data-id=\"a5264e3\" data-element_type=\"section\">\n\t\t\t\t\t\t<div class=\"elementor-container elementor-column-gap-no\">\n\t\t\t\t\t<div class=\"elementor-column elementor-col-50 elementor-inner-column elementor-element elementor-element-8bb82c2\" data-id=\"8bb82c2\" data-element_type=\"column\">\n\t\t\t<div class=\"elementor-widget-wrap elementor-element-populated\">\n\t\t\t\t\t\t<div class=\"elementor-element elementor-element-91a2824 elementor-widget elementor-widget-heading\" data-id=\"91a2824\" data-element_type=\"widget\" data-widget_type=\"heading.default\">\n\t\t\t\t<div class=\"elementor-widget-container\">\n\t\t\t<h2 class=\"elementor-heading-title elementor-size-default\">Tierwelt und malerisches Wandern<\/h2>\t\t<\/div>\n\t\t\t\t<\/div>\n\t\t\t\t<div class=\"elementor-element elementor-element-d29e8f9 elementor-widget__width-initial elementor-widget elementor-widget-text-editor\" data-id=\"d29e8f9\" data-element_type=\"widget\" data-widget_type=\"text-editor.default\">\n\t\t\t\t<div class=\"elementor-widget-container\">\n\t\t\t\t\t\t\tOutdoor-Enthusiasten werden die malerischen Wege zum Wannihorn oder Seetalhorn lieben, die atemberaubende Ausblicke und die M\u00f6glichkeit bieten, G\u00e4msen, Steinb\u00f6cke und andere Wildtiere zu beobachten. F\u00fcr ein besonderes Erlebnis erkunden Sie den ber\u00fchmten H\u00f6henweg Gr\u00e4chen\u2013Saas-Fee oder genie\u00dfen Sie einen gem\u00fctlichen Spaziergang entlang der historischen Wasserkan\u00e4le (Suonen).\t\t\t\t\t\t<\/div>\n\t\t\t\t<\/div>\n\t\t\t\t\t<\/div>\n\t\t<\/div>\n\t\t\t\t<div class=\"elementor-column elementor-col-50 elementor-inner-column elementor-element elementor-element-a34a39b\" data-id=\"a34a39b\" data-element_type=\"column\">\n\t\t\t<div class=\"elementor-widget-wrap elementor-element-populated\">\n\t\t\t\t\t\t<div class=\"elementor-element elementor-element-3b419e7 elementor-widget elementor-widget-image\" data-id=\"3b419e7\" data-element_type=\"widget\" data-widget_type=\"image.default\">\n\t\t\t\t<div class=\"elementor-widget-container\">\n\t\t\t\t\t\t\t\t\t\t\t\t\t<img loading=\"lazy\" decoding=\"async\" width=\"1050\" height=\"700\" src=\"https:\/\/dev-v2.graecherhof.ch\/wp-content\/uploads\/2024\/11\/WhatsApp-Image-2024-11-08-at-12.48.41-PM.jpeg\" class=\"attachment-full size-full wp-image-5179\" alt=\"Family skiing in Gr\u00e4chen\" srcset=\"https:\/\/dev-v2.graecherhof.ch\/wp-content\/uploads\/2024\/11\/WhatsApp-Image-2024-11-08-at-12.48.41-PM.jpeg 1050w, https:\/\/dev-v2.graecherhof.ch\/wp-content\/uploads\/2024\/11\/WhatsApp-Image-2024-11-08-at-12.48.41-PM-300x200.jpeg 300w, https:\/\/dev-v2.graecherhof.ch\/wp-content\/uploads\/2024\/11\/WhatsApp-Image-2024-11-08-at-12.48.41-PM-1024x683.jpeg 1024w, https:\/\/dev-v2.graecherhof.ch\/wp-content\/uploads\/2024\/11\/WhatsApp-Image-2024-11-08-at-12.48.41-PM-768x512.jpeg 768w, https:\/\/dev-v2.graecherhof.ch\/wp-content\/uploads\/2024\/11\/WhatsApp-Image-2024-11-08-at-12.48.41-PM-600x400.jpeg 600w\" sizes=\"(max-width: 1050px) 100vw, 1050px\" \/>\t\t\t\t\t\t\t\t\t\t\t\t\t<\/div>\n\t\t\t\t<\/div>\n\t\t\t\t\t<\/div>\n\t\t<\/div>\n\t\t\t\t\t<\/div>\n\t\t<\/section>\n\t\t\t\t\t<\/div>\n\t\t<\/div>\n\t\t\t\t\t<\/div>\n\t\t<\/section>\n\t\t\t\t<section class=\"elementor-section elementor-top-section elementor-element elementor-element-18f26ec elementor-section-boxed elementor-section-height-default elementor-section-height-default elementor-invisible\" data-id=\"18f26ec\" data-element_type=\"section\" data-settings=\"{&quot;background_background&quot;:&quot;classic&quot;,&quot;animation&quot;:&quot;fadeIn&quot;}\">\n\t\t\t\t\t\t<div class=\"elementor-container elementor-column-gap-default\">\n\t\t\t\t\t<div class=\"elementor-column elementor-col-50 elementor-top-column elementor-element elementor-element-16cd726\" data-id=\"16cd726\" data-element_type=\"column\" data-settings=\"{&quot;background_background&quot;:&quot;classic&quot;}\">\n\t\t\t<div class=\"elementor-widget-wrap elementor-element-populated\">\n\t\t\t\t\t<div class=\"elementor-background-overlay\"><\/div>\n\t\t\t\t\t\t<div class=\"elementor-element elementor-element-656246d elementor-widget__width-initial elementor-widget elementor-widget-heading\" data-id=\"656246d\" data-element_type=\"widget\" data-widget_type=\"heading.default\">\n\t\t\t\t<div class=\"elementor-widget-container\">\n\t\t\t<h2 class=\"elementor-heading-title elementor-size-default\">Winterwunderland<\/h2>\t\t<\/div>\n\t\t\t\t<\/div>\n\t\t\t\t<div class=\"elementor-element elementor-element-47c7ec6 elementor-widget__width-initial elementor-widget elementor-widget-text-editor\" data-id=\"47c7ec6\" data-element_type=\"widget\" data-widget_type=\"text-editor.default\">\n\t\t\t\t<div class=\"elementor-widget-container\">\n\t\t\t\t\t\t\tNur zwei Minuten von Ihrem Hotel entfernt bringt Sie die Gondelbahn zur Hannigalp, wo Sie auf 44 Kilometern Pisten Skifahren und Snowboarden k\u00f6nnen \u2013 geeignet f\u00fcr alle K\u00f6nnerstufen. T\u00e4gliche Shuttle-Services stehen nach Zermatt mit seinen 360 Kilometern Pisten und nach Saas-Fee mit 100 Kilometern Pisten bis auf 3.600 Meter zur Verf\u00fcgung.\t\t\t\t\t\t<\/div>\n\t\t\t\t<\/div>\n\t\t\t\t\t<\/div>\n\t\t<\/div>\n\t\t\t\t<div class=\"elementor-column elementor-col-50 elementor-top-column elementor-element elementor-element-8e6b055\" data-id=\"8e6b055\" data-element_type=\"column\">\n\t\t\t<div class=\"elementor-widget-wrap elementor-element-populated\">\n\t\t\t\t\t\t<div class=\"elementor-element elementor-element-3521c3f elementor-widget elementor-widget-hotelft_elementor_image_slide\" data-id=\"3521c3f\" data-element_type=\"widget\" data-settings=\"{&quot;pause_on_hover&quot;:&quot;yes&quot;,&quot;infinite&quot;:&quot;yes&quot;,&quot;autoplay&quot;:&quot;yes&quot;,&quot;dot_control&quot;:&quot;yes&quot;,&quot;nav_control&quot;:&quot;yes&quot;}\" data-widget_type=\"hotelft_elementor_image_slide.default\">\n\t\t\t\t<div class=\"elementor-widget-container\">\n\t\t\t         \n         <div class=\"ova-image-slide v1\">\n\n\t\t\t\t<div class=\"image-slide owl-carousel owl-theme\" data-options=\"{&quot;items&quot;:1,&quot;slideBy&quot;:1,&quot;margin&quot;:0,&quot;autoplayHoverPause&quot;:true,&quot;loop&quot;:true,&quot;autoplay&quot;:true,&quot;autoplayTimeout&quot;:3000,&quot;smartSpeed&quot;:500,&quot;rtl&quot;:false,&quot;dots&quot;:true,&quot;nav&quot;:true,&quot;nav_left&quot;:&quot;iconly-Arrow-Left-2 icli&quot;,&quot;nav_right&quot;:&quot;iconly-Arrow-Right-2 icli&quot;}\">\n\t\t\t\t\t\n\t                        \n\t\t\t\t\t\t\t\t<div class=\"item\">\n\t\t\t\t\t\t\t\t\t<div class=\"image-slide-img\">\n\t\t\t\t\t\t\t\t\t\t<img decoding=\"async\" src=\"https:\/\/dev-v2.graecherhof.ch\/wp-content\/uploads\/2024\/11\/Asset-2-2.png\" alt=\"Family skiing in Gr\u00e4chen\">\n\t\t\t\t\t\t\t\t\t\t\t\t\t\t\t\t\t\t\t<\/div>\n\t\t\t\t\t\t\t\t<\/div>\n\t\t\t\t\t\t\t\t\n\t\t\t\t\t\t\t\n\t\t\t\t\t\n\t\t\t\t<\/div>\n\n\t\t\t<\/div>\n\t\t \t\n\t\t\t\t<\/div>\n\t\t\t\t<\/div>\n\t\t\t\t\t<\/div>\n\t\t<\/div>\n\t\t\t\t\t<\/div>\n\t\t<\/section>\n\t\t<div class=\"elementor-element elementor-element-0146ac8 e-flex e-con-boxed e-con e-parent\" data-id=\"0146ac8\" data-element_type=\"container\" data-settings=\"{&quot;background_background&quot;:&quot;classic&quot;}\">\n\t\t\t\t\t<div class=\"e-con-inner\">\n\t\t\t\t<div class=\"elementor-element elementor-element-063d930 elementor-widget elementor-widget-text-editor\" data-id=\"063d930\" data-element_type=\"widget\" data-widget_type=\"text-editor.default\">\n\t\t\t\t<div class=\"elementor-widget-container\">\n\t\t\t\t\t\t\tMEHR WINTERSPASS\t\t\t\t\t\t<\/div>\n\t\t\t\t<\/div>\n\t\t\t\t\t<\/div>\n\t\t\t\t<\/div>\n\t\t<div class=\"elementor-element elementor-element-133af53 e-grid e-con-full e-con e-parent\" data-id=\"133af53\" data-element_type=\"container\" data-settings=\"{&quot;background_background&quot;:&quot;classic&quot;}\">\n\t\t<div class=\"elementor-element elementor-element-ec03557 e-con-full e-flex e-con e-child\" data-id=\"ec03557\" data-element_type=\"container\">\n\t\t<div class=\"elementor-element elementor-element-8113b2f e-con-full e-flex elementor-invisible e-con e-child\" data-id=\"8113b2f\" data-element_type=\"container\" data-settings=\"{&quot;animation&quot;:&quot;fadeInUp&quot;,&quot;animation_delay&quot;:100}\">\n\t\t\t\t<div class=\"elementor-element elementor-element-39d72ca elementor-widget elementor-widget-image\" data-id=\"39d72ca\" data-element_type=\"widget\" data-widget_type=\"image.default\">\n\t\t\t\t<div class=\"elementor-widget-container\">\n\t\t\t\t\t\t\t\t\t\t\t\t\t<img loading=\"lazy\" decoding=\"async\" width=\"56\" height=\"56\" src=\"https:\/\/dev-v2.graecherhof.ch\/wp-content\/uploads\/2024\/11\/ski-2.svg\" class=\"attachment-full size-full wp-image-5091\" alt=\"\" \/>\t\t\t\t\t\t\t\t\t\t\t\t\t<\/div>\n\t\t\t\t<\/div>\n\t\t\t\t<div class=\"elementor-element elementor-element-1d13794 elementor-widget elementor-widget-heading\" data-id=\"1d13794\" data-element_type=\"widget\" data-widget_type=\"heading.default\">\n\t\t\t\t<div class=\"elementor-widget-container\">\n\t\t\t<h3 class=\"elementor-heading-title elementor-size-default\">Langlauf<\/h3>\t\t<\/div>\n\t\t\t\t<\/div>\n\t\t\t\t<div class=\"elementor-element elementor-element-e7eb4f8 elementor-widget__width-initial elementor-widget elementor-widget-text-editor\" data-id=\"e7eb4f8\" data-element_type=\"widget\" data-widget_type=\"text-editor.default\">\n\t\t\t\t<div class=\"elementor-widget-container\">\n\t\t\t\t\t\t\t15 km Loipen im Mattertal.\t\t\t\t\t\t<\/div>\n\t\t\t\t<\/div>\n\t\t\t\t<\/div>\n\t\t\t\t<\/div>\n\t\t<div class=\"elementor-element elementor-element-7af8330 e-con-full e-flex elementor-invisible e-con e-child\" data-id=\"7af8330\" data-element_type=\"container\" data-settings=\"{&quot;animation&quot;:&quot;fadeInUp&quot;,&quot;animation_delay&quot;:200}\">\n\t\t\t\t<div class=\"elementor-element elementor-element-ce08c0a elementor-widget elementor-widget-image\" data-id=\"ce08c0a\" data-element_type=\"widget\" data-widget_type=\"image.default\">\n\t\t\t\t<div class=\"elementor-widget-container\">\n\t\t\t\t\t\t\t\t\t\t\t\t\t<img loading=\"lazy\" decoding=\"async\" width=\"56\" height=\"56\" src=\"https:\/\/dev-v2.graecherhof.ch\/wp-content\/uploads\/2024\/11\/sledge-1.svg\" class=\"attachment-full size-full wp-image-5089\" alt=\"\" \/>\t\t\t\t\t\t\t\t\t\t\t\t\t<\/div>\n\t\t\t\t<\/div>\n\t\t\t\t<div class=\"elementor-element elementor-element-ebe900b elementor-widget elementor-widget-heading\" data-id=\"ebe900b\" data-element_type=\"widget\" data-widget_type=\"heading.default\">\n\t\t\t\t<div class=\"elementor-widget-container\">\n\t\t\t<h3 class=\"elementor-heading-title elementor-size-default\">Schneeschuhwandern &amp; Rodeln<\/h3>\t\t<\/div>\n\t\t\t\t<\/div>\n\t\t\t\t<div class=\"elementor-element elementor-element-f7b49da elementor-widget__width-initial elementor-widget elementor-widget-text-editor\" data-id=\"f7b49da\" data-element_type=\"widget\" data-widget_type=\"text-editor.default\">\n\t\t\t\t<div class=\"elementor-widget-container\">\n\t\t\t\t\t\t\tEntdecken Sie Schneeschuhwanderwege oder rodeln Sie von der Hannigalp.\t\t\t\t\t\t<\/div>\n\t\t\t\t<\/div>\n\t\t\t\t<\/div>\n\t\t<div class=\"elementor-element elementor-element-67d3a4f e-con-full e-flex elementor-invisible e-con e-child\" data-id=\"67d3a4f\" data-element_type=\"container\" data-settings=\"{&quot;animation&quot;:&quot;fadeInUp&quot;,&quot;animation_delay&quot;:300}\">\n\t\t\t\t<div class=\"elementor-element elementor-element-18b1631 elementor-widget elementor-widget-image\" data-id=\"18b1631\" data-element_type=\"widget\" data-widget_type=\"image.default\">\n\t\t\t\t<div class=\"elementor-widget-container\">\n\t\t\t\t\t\t\t\t\t\t\t\t\t<img loading=\"lazy\" decoding=\"async\" width=\"56\" height=\"56\" src=\"https:\/\/dev-v2.graecherhof.ch\/wp-content\/uploads\/2024\/11\/thin-1421-snowman-winter-snow-christmas-1.svg\" class=\"attachment-full size-full wp-image-5090\" alt=\"\" \/>\t\t\t\t\t\t\t\t\t\t\t\t\t<\/div>\n\t\t\t\t<\/div>\n\t\t\t\t<div class=\"elementor-element elementor-element-91f4a5d elementor-widget elementor-widget-heading\" data-id=\"91f4a5d\" data-element_type=\"widget\" data-widget_type=\"heading.default\">\n\t\t\t\t<div class=\"elementor-widget-container\">\n\t\t\t<h3 class=\"elementor-heading-title elementor-size-default\">Winterspa\u00df f\u00fcr Kinder<\/h3>\t\t<\/div>\n\t\t\t\t<\/div>\n\t\t\t\t<div class=\"elementor-element elementor-element-44564b9 elementor-widget__width-initial elementor-widget elementor-widget-text-editor\" data-id=\"44564b9\" data-element_type=\"widget\" data-widget_type=\"text-editor.default\">\n\t\t\t\t<div class=\"elementor-widget-container\">\n\t\t\t\t\t\t\t<p>Der Hannigalp Funpark und die Familienskih\u00e4nge sorgen f\u00fcr grenzenlosen Spa\u00df f\u00fcr die Kleinen.<\/p>\t\t\t\t\t\t<\/div>\n\t\t\t\t<\/div>\n\t\t\t\t<\/div>\n\t\t\t\t<\/div>\n\t\t\t\t<section class=\"elementor-section elementor-top-section elementor-element elementor-element-e276ef4 elementor-section-boxed elementor-section-height-default elementor-section-height-default\" data-id=\"e276ef4\" data-element_type=\"section\" data-settings=\"{&quot;background_background&quot;:&quot;classic&quot;}\">\n\t\t\t\t\t\t<div class=\"elementor-container elementor-column-gap-default\">\n\t\t\t\t\t<div class=\"elementor-column elementor-col-50 elementor-top-column elementor-element elementor-element-d41c573\" data-id=\"d41c573\" data-element_type=\"column\" data-settings=\"{&quot;background_background&quot;:&quot;classic&quot;}\">\n\t\t\t<div class=\"elementor-widget-wrap elementor-element-populated\">\n\t\t\t\t\t<div class=\"elementor-background-overlay\"><\/div>\n\t\t\t\t\t\t<div class=\"elementor-element elementor-element-f189849 elementor-widget__width-initial elementor-widget elementor-widget-heading\" data-id=\"f189849\" data-element_type=\"widget\" data-widget_type=\"heading.default\">\n\t\t\t\t<div class=\"elementor-widget-container\">\n\t\t\t<h2 class=\"elementor-heading-title elementor-size-default\">Sommerabenteuer<\/h2>\t\t<\/div>\n\t\t\t\t<\/div>\n\t\t\t\t<div class=\"elementor-element elementor-element-9208608 elementor-widget__width-initial elementor-widget elementor-widget-text-editor\" data-id=\"9208608\" data-element_type=\"widget\" data-widget_type=\"text-editor.default\">\n\t\t\t\t<div class=\"elementor-widget-container\">\n\t\t\t\t\t\t\tIm Sommer verwandelt sich Gr\u00e4chen mit unz\u00e4hligen Wander- und Radwegen, kinderfreundlichen Aktivit\u00e4ten und tollen Attraktionen. Entdecken Sie Robi\u2019s Kinder-Spielpark, nur wenige Minuten vom Hotel entfernt, oder genie\u00dfen Sie Aktivit\u00e4ten wie Ziplining, Klettern, Minigolf und Tennis.\t\t\t\t\t\t<\/div>\n\t\t\t\t<\/div>\n\t\t\t\t\t<\/div>\n\t\t<\/div>\n\t\t\t\t<div class=\"elementor-column elementor-col-50 elementor-top-column elementor-element elementor-element-03a06f2\" data-id=\"03a06f2\" data-element_type=\"column\">\n\t\t\t<div class=\"elementor-widget-wrap elementor-element-populated\">\n\t\t\t\t\t\t<div class=\"elementor-element elementor-element-f4eb582 elementor-widget elementor-widget-hotelft_elementor_image_slide\" data-id=\"f4eb582\" data-element_type=\"widget\" data-settings=\"{&quot;pause_on_hover&quot;:&quot;yes&quot;,&quot;infinite&quot;:&quot;yes&quot;,&quot;autoplay&quot;:&quot;yes&quot;,&quot;dot_control&quot;:&quot;yes&quot;,&quot;nav_control&quot;:&quot;yes&quot;}\" data-widget_type=\"hotelft_elementor_image_slide.default\">\n\t\t\t\t<div class=\"elementor-widget-container\">\n\t\t\t         \n         <div class=\"ova-image-slide v1\">\n\n\t\t\t\t<div class=\"image-slide owl-carousel owl-theme\" data-options=\"{&quot;items&quot;:1,&quot;slideBy&quot;:1,&quot;margin&quot;:0,&quot;autoplayHoverPause&quot;:true,&quot;loop&quot;:true,&quot;autoplay&quot;:true,&quot;autoplayTimeout&quot;:3000,&quot;smartSpeed&quot;:500,&quot;rtl&quot;:false,&quot;dots&quot;:true,&quot;nav&quot;:true,&quot;nav_left&quot;:&quot;iconly-Arrow-Left-2 icli&quot;,&quot;nav_right&quot;:&quot;iconly-Arrow-Right-2 icli&quot;}\">\n\t\t\t\t\t\n\t                        \n\t\t\t\t\t\t\t\t<div class=\"item\">\n\t\t\t\t\t\t\t\t\t<div class=\"image-slide-img\">\n\t\t\t\t\t\t\t\t\t\t<img decoding=\"async\" src=\"https:\/\/dev-v2.graecherhof.ch\/wp-content\/uploads\/2024\/11\/Asset-3.png\" alt=\"Summer Activities in Grachen\">\n\t\t\t\t\t\t\t\t\t\t\t\t\t\t\t\t\t\t\t<\/div>\n\t\t\t\t\t\t\t\t<\/div>\n\t\t\t\t\t\t\t\t\n\t\t\t\t\t\t\t\n\t\t\t\t\t\n\t\t\t\t<\/div>\n\n\t\t\t<\/div>\n\t\t \t\n\t\t\t\t<\/div>\n\t\t\t\t<\/div>\n\t\t\t\t\t<\/div>\n\t\t<\/div>\n\t\t\t\t\t<\/div>\n\t\t<\/section>\n\t\t\t\t<section class=\"elementor-section elementor-top-section elementor-element elementor-element-ce49651 elementor-hidden-mobile elementor-section-boxed elementor-section-height-default elementor-section-height-default\" data-id=\"ce49651\" data-element_type=\"section\">\n\t\t\t\t\t\t<div class=\"elementor-container elementor-column-gap-default\">\n\t\t\t\t\t<div class=\"elementor-column elementor-col-100 elementor-top-column elementor-element elementor-element-c94420e\" data-id=\"c94420e\" data-element_type=\"column\">\n\t\t\t<div class=\"elementor-widget-wrap elementor-element-populated\">\n\t\t\t\t\t\t<section class=\"elementor-section elementor-inner-section elementor-element elementor-element-0b423e1 elementor-section-full_width elementor-section-height-default elementor-section-height-default\" data-id=\"0b423e1\" data-element_type=\"section\">\n\t\t\t\t\t\t<div class=\"elementor-container elementor-column-gap-no\">\n\t\t\t\t\t<div class=\"elementor-column elementor-col-50 elementor-inner-column elementor-element elementor-element-33cc85e\" data-id=\"33cc85e\" data-element_type=\"column\">\n\t\t\t<div class=\"elementor-widget-wrap elementor-element-populated\">\n\t\t\t\t\t\t<div class=\"elementor-element elementor-element-8dab196 elementor-widget elementor-widget-image\" data-id=\"8dab196\" data-element_type=\"widget\" data-widget_type=\"image.default\">\n\t\t\t\t<div class=\"elementor-widget-container\">\n\t\t\t\t\t\t\t\t\t\t\t\t\t<img loading=\"lazy\" decoding=\"async\" width=\"911\" height=\"607\" src=\"https:\/\/dev-v2.graecherhof.ch\/wp-content\/uploads\/2024\/11\/3900e13a3540825d41007d4a564b9274.png\" class=\"attachment-full size-full wp-image-5184\" alt=\"Matterhorn Glacier Ride cable car\" srcset=\"https:\/\/dev-v2.graecherhof.ch\/wp-content\/uploads\/2024\/11\/3900e13a3540825d41007d4a564b9274.png 911w, https:\/\/dev-v2.graecherhof.ch\/wp-content\/uploads\/2024\/11\/3900e13a3540825d41007d4a564b9274-300x200.png 300w, https:\/\/dev-v2.graecherhof.ch\/wp-content\/uploads\/2024\/11\/3900e13a3540825d41007d4a564b9274-768x512.png 768w, https:\/\/dev-v2.graecherhof.ch\/wp-content\/uploads\/2024\/11\/3900e13a3540825d41007d4a564b9274-600x400.png 600w\" sizes=\"(max-width: 911px) 100vw, 911px\" \/>\t\t\t\t\t\t\t\t\t\t\t\t\t<\/div>\n\t\t\t\t<\/div>\n\t\t\t\t\t<\/div>\n\t\t<\/div>\n\t\t\t\t<div class=\"elementor-column elementor-col-50 elementor-inner-column elementor-element elementor-element-a99e022\" data-id=\"a99e022\" data-element_type=\"column\">\n\t\t\t<div class=\"elementor-widget-wrap elementor-element-populated\">\n\t\t\t\t\t\t<div class=\"elementor-element elementor-element-a13c2b0 elementor-widget elementor-widget-heading\" data-id=\"a13c2b0\" data-element_type=\"widget\" data-widget_type=\"heading.default\">\n\t\t\t\t<div class=\"elementor-widget-container\">\n\t\t\t<h2 class=\"elementor-heading-title elementor-size-default\">Spannende Tagesausfl\u00fcge<\/h2>\t\t<\/div>\n\t\t\t\t<\/div>\n\t\t\t\t<div class=\"elementor-element elementor-element-65a49cd elementor-widget__width-initial elementor-widget elementor-widget-text-editor\" data-id=\"65a49cd\" data-element_type=\"widget\" data-widget_type=\"text-editor.default\">\n\t\t\t\t<div class=\"elementor-widget-container\">\n\t\t\t\t\t\t\t<p><strong style=\"font-weight: 600;\">Matterhorn Glacier Ride<br \/><\/strong>Unternehmen Sie eine spektakul\u00e4re Gondelfahrt von Zermatt nach Breuil-Cervinia in Italien und gleiten Sie \u00fcber den Theodul-Gletscher.<\/p><p><strong style=\"font-weight: 600;\">Charles Kuonen H\u00e4ngebr\u00fccke<br \/><\/strong>Stellen Sie sich Ihrer Courage auf der l\u00e4ngsten Fu\u00dfg\u00e4nger-H\u00e4ngebr\u00fccke der Alpen, nur eine kurze Fahrt von Gr\u00e4chen entfernt.<\/p>\t\t\t\t\t\t<\/div>\n\t\t\t\t<\/div>\n\t\t\t\t\t<\/div>\n\t\t<\/div>\n\t\t\t\t\t<\/div>\n\t\t<\/section>\n\t\t\t\t<section class=\"elementor-section elementor-inner-section elementor-element elementor-element-94d074a elementor-section-full_width elementor-section-height-default elementor-section-height-default\" data-id=\"94d074a\" data-element_type=\"section\">\n\t\t\t\t\t\t<div class=\"elementor-container elementor-column-gap-no\">\n\t\t\t\t\t<div class=\"elementor-column elementor-col-50 elementor-inner-column elementor-element elementor-element-241837a\" data-id=\"241837a\" data-element_type=\"column\">\n\t\t\t<div class=\"elementor-widget-wrap elementor-element-populated\">\n\t\t\t\t\t\t<div class=\"elementor-element elementor-element-a4e8422 elementor-widget elementor-widget-heading\" data-id=\"a4e8422\" data-element_type=\"widget\" data-widget_type=\"heading.default\">\n\t\t\t\t<div class=\"elementor-widget-container\">\n\t\t\t<h2 class=\"elementor-heading-title elementor-size-default\">Lokale Erlebnisse<\/h2>\t\t<\/div>\n\t\t\t\t<\/div>\n\t\t\t\t<div class=\"elementor-element elementor-element-3c95377 elementor-widget__width-initial elementor-widget elementor-widget-text-editor\" data-id=\"3c95377\" data-element_type=\"widget\" data-widget_type=\"text-editor.default\">\n\t\t\t\t<div class=\"elementor-widget-container\">\n\t\t\t\t\t\t\t<p><strong style=\"font-weight: 600;\">Weinverkostung\u2028<br \/><\/strong>Wallis ist die gr\u00f6\u00dfte Weinregion der Schweiz und bietet \u00fcber 60 einzigartige Rebsorten. Besuchen Sie Europas h\u00f6chstgelegenen Weinberg in Visperterminen oder probieren Sie regionale Weine im Restaurant unseres Hotels.<\/p><p><strong style=\"font-weight: 600;\">Thermalb\u00e4der<br \/><\/strong>Entspannen Sie in den Thermalb\u00e4dern von Brigerbad, nur 30 Autominuten von Gr\u00e4chen entfernt.<\/p>\t\t\t\t\t\t<\/div>\n\t\t\t\t<\/div>\n\t\t\t\t\t<\/div>\n\t\t<\/div>\n\t\t\t\t<div class=\"elementor-column elementor-col-50 elementor-inner-column elementor-element elementor-element-8b395c2\" data-id=\"8b395c2\" data-element_type=\"column\">\n\t\t\t<div class=\"elementor-widget-wrap elementor-element-populated\">\n\t\t\t\t\t\t<div class=\"elementor-element elementor-element-8473166 elementor-widget elementor-widget-image\" data-id=\"8473166\" data-element_type=\"widget\" data-widget_type=\"image.default\">\n\t\t\t\t<div class=\"elementor-widget-container\">\n\t\t\t\t\t\t\t\t\t\t\t\t\t<img loading=\"lazy\" decoding=\"async\" width=\"659\" height=\"439\" src=\"https:\/\/dev-v2.graecherhof.ch\/wp-content\/uploads\/2024\/11\/2f104d4ab4e598650598703001549df3.png\" class=\"attachment-full size-full wp-image-5185\" alt=\"\" srcset=\"https:\/\/dev-v2.graecherhof.ch\/wp-content\/uploads\/2024\/11\/2f104d4ab4e598650598703001549df3.png 659w, https:\/\/dev-v2.graecherhof.ch\/wp-content\/uploads\/2024\/11\/2f104d4ab4e598650598703001549df3-300x200.png 300w, https:\/\/dev-v2.graecherhof.ch\/wp-content\/uploads\/2024\/11\/2f104d4ab4e598650598703001549df3-600x400.png 600w\" sizes=\"(max-width: 659px) 100vw, 659px\" \/>\t\t\t\t\t\t\t\t\t\t\t\t\t<\/div>\n\t\t\t\t<\/div>\n\t\t\t\t\t<\/div>\n\t\t<\/div>\n\t\t\t\t\t<\/div>\n\t\t<\/section>\n\t\t\t\t\t<\/div>\n\t\t<\/div>\n\t\t\t\t\t<\/div>\n\t\t<\/section>\n\t\t\t\t<section class=\"elementor-section elementor-top-section elementor-element elementor-element-ab719b2 elementor-hidden-desktop elementor-hidden-tablet elementor-section-boxed elementor-section-height-default elementor-section-height-default\" data-id=\"ab719b2\" data-element_type=\"section\">\n\t\t\t\t\t\t<div class=\"elementor-container elementor-column-gap-default\">\n\t\t\t\t\t<div class=\"elementor-column elementor-col-100 elementor-top-column elementor-element elementor-element-59d6b3f\" data-id=\"59d6b3f\" data-element_type=\"column\">\n\t\t\t<div class=\"elementor-widget-wrap elementor-element-populated\">\n\t\t\t\t\t\t<section class=\"elementor-section elementor-inner-section elementor-element elementor-element-b8a5b69 elementor-section-full_width elementor-section-height-default elementor-section-height-default\" data-id=\"b8a5b69\" data-element_type=\"section\">\n\t\t\t\t\t\t<div class=\"elementor-container elementor-column-gap-no\">\n\t\t\t\t\t<div class=\"elementor-column elementor-col-50 elementor-inner-column elementor-element elementor-element-3a6e5a8\" data-id=\"3a6e5a8\" data-element_type=\"column\">\n\t\t\t<div class=\"elementor-widget-wrap elementor-element-populated\">\n\t\t\t\t\t\t<div class=\"elementor-element elementor-element-5a371f7 elementor-widget elementor-widget-heading\" data-id=\"5a371f7\" data-element_type=\"widget\" data-widget_type=\"heading.default\">\n\t\t\t\t<div class=\"elementor-widget-container\">\n\t\t\t<h2 class=\"elementor-heading-title elementor-size-default\">Spannende Tagesausfl\u00fcge<\/h2>\t\t<\/div>\n\t\t\t\t<\/div>\n\t\t\t\t<div class=\"elementor-element elementor-element-c076ed4 elementor-widget__width-initial elementor-widget elementor-widget-text-editor\" data-id=\"c076ed4\" data-element_type=\"widget\" data-widget_type=\"text-editor.default\">\n\t\t\t\t<div class=\"elementor-widget-container\">\n\t\t\t\t\t\t\t<p><strong>Matterhorn Glacier Ride<br \/><\/strong>Unternehmen Sie eine spektakul\u00e4re Gondelfahrt von Zermatt nach Breuil-Cervinia in Italien und gleiten Sie \u00fcber den Theodul-Gletscher.<\/p><p><strong>Charles Kuonen H\u00e4ngebr\u00fccke<br \/><\/strong>Stellen Sie sich Ihrer Courage auf der l\u00e4ngsten Fu\u00dfg\u00e4nger-H\u00e4ngebr\u00fccke der Alpen, nur eine kurze Fahrt von Gr\u00e4chen entfernt.<\/p>\t\t\t\t\t\t<\/div>\n\t\t\t\t<\/div>\n\t\t\t\t\t<\/div>\n\t\t<\/div>\n\t\t\t\t<div class=\"elementor-column elementor-col-50 elementor-inner-column elementor-element elementor-element-a67d5a8\" data-id=\"a67d5a8\" data-element_type=\"column\">\n\t\t\t<div class=\"elementor-widget-wrap elementor-element-populated\">\n\t\t\t\t\t\t<div class=\"elementor-element elementor-element-ddda578 elementor-widget elementor-widget-image\" data-id=\"ddda578\" data-element_type=\"widget\" data-widget_type=\"image.default\">\n\t\t\t\t<div class=\"elementor-widget-container\">\n\t\t\t\t\t\t\t\t\t\t\t\t\t<img loading=\"lazy\" decoding=\"async\" width=\"911\" height=\"607\" src=\"https:\/\/dev-v2.graecherhof.ch\/wp-content\/uploads\/2024\/11\/3900e13a3540825d41007d4a564b9274.png\" class=\"attachment-full size-full wp-image-5184\" alt=\"Matterhorn Glacier Ride cable car\" srcset=\"https:\/\/dev-v2.graecherhof.ch\/wp-content\/uploads\/2024\/11\/3900e13a3540825d41007d4a564b9274.png 911w, https:\/\/dev-v2.graecherhof.ch\/wp-content\/uploads\/2024\/11\/3900e13a3540825d41007d4a564b9274-300x200.png 300w, https:\/\/dev-v2.graecherhof.ch\/wp-content\/uploads\/2024\/11\/3900e13a3540825d41007d4a564b9274-768x512.png 768w, https:\/\/dev-v2.graecherhof.ch\/wp-content\/uploads\/2024\/11\/3900e13a3540825d41007d4a564b9274-600x400.png 600w\" sizes=\"(max-width: 911px) 100vw, 911px\" \/>\t\t\t\t\t\t\t\t\t\t\t\t\t<\/div>\n\t\t\t\t<\/div>\n\t\t\t\t\t<\/div>\n\t\t<\/div>\n\t\t\t\t\t<\/div>\n\t\t<\/section>\n\t\t\t\t<section class=\"elementor-section elementor-inner-section elementor-element elementor-element-3c96d14 elementor-section-full_width elementor-section-height-default elementor-section-height-default\" data-id=\"3c96d14\" data-element_type=\"section\">\n\t\t\t\t\t\t<div class=\"elementor-container elementor-column-gap-no\">\n\t\t\t\t\t<div class=\"elementor-column elementor-col-50 elementor-inner-column elementor-element elementor-element-fd88b20\" data-id=\"fd88b20\" data-element_type=\"column\">\n\t\t\t<div class=\"elementor-widget-wrap elementor-element-populated\">\n\t\t\t\t\t\t<div class=\"elementor-element elementor-element-f628746 elementor-widget elementor-widget-heading\" data-id=\"f628746\" data-element_type=\"widget\" data-widget_type=\"heading.default\">\n\t\t\t\t<div class=\"elementor-widget-container\">\n\t\t\t<h2 class=\"elementor-heading-title elementor-size-default\">Lokale Erlebnisse<\/h2>\t\t<\/div>\n\t\t\t\t<\/div>\n\t\t\t\t<div class=\"elementor-element elementor-element-579d6ab elementor-widget__width-initial elementor-widget elementor-widget-text-editor\" data-id=\"579d6ab\" data-element_type=\"widget\" data-widget_type=\"text-editor.default\">\n\t\t\t\t<div class=\"elementor-widget-container\">\n\t\t\t\t\t\t\t<p><strong>Weinverkostung\u2028<br \/><\/strong>Wallis ist die gr\u00f6\u00dfte Weinregion der Schweiz und bietet \u00fcber 60 einzigartige Rebsorten. Besuchen Sie Europas h\u00f6chstgelegenen Weinberg in Visperterminen oder probieren Sie regionale Weine im Restaurant unseres Hotels.<\/p><p><strong>Thermalb\u00e4der<br \/><\/strong>Entspannen Sie in den Thermalb\u00e4dern von Brigerbad, nur 30 Autominuten von Gr\u00e4chen entfernt.<\/p>\t\t\t\t\t\t<\/div>\n\t\t\t\t<\/div>\n\t\t\t\t\t<\/div>\n\t\t<\/div>\n\t\t\t\t<div class=\"elementor-column elementor-col-50 elementor-inner-column elementor-element elementor-element-784abbb\" data-id=\"784abbb\" data-element_type=\"column\">\n\t\t\t<div class=\"elementor-widget-wrap elementor-element-populated\">\n\t\t\t\t\t\t<div class=\"elementor-element elementor-element-6cbd728 elementor-widget elementor-widget-image\" data-id=\"6cbd728\" data-element_type=\"widget\" data-widget_type=\"image.default\">\n\t\t\t\t<div class=\"elementor-widget-container\">\n\t\t\t\t\t\t\t\t\t\t\t\t\t<img loading=\"lazy\" decoding=\"async\" width=\"659\" height=\"439\" src=\"https:\/\/dev-v2.graecherhof.ch\/wp-content\/uploads\/2024\/11\/2f104d4ab4e598650598703001549df3.png\" class=\"attachment-full size-full wp-image-5185\" alt=\"\" srcset=\"https:\/\/dev-v2.graecherhof.ch\/wp-content\/uploads\/2024\/11\/2f104d4ab4e598650598703001549df3.png 659w, https:\/\/dev-v2.graecherhof.ch\/wp-content\/uploads\/2024\/11\/2f104d4ab4e598650598703001549df3-300x200.png 300w, https:\/\/dev-v2.graecherhof.ch\/wp-content\/uploads\/2024\/11\/2f104d4ab4e598650598703001549df3-600x400.png 600w\" sizes=\"(max-width: 659px) 100vw, 659px\" \/>\t\t\t\t\t\t\t\t\t\t\t\t\t<\/div>\n\t\t\t\t<\/div>\n\t\t\t\t\t<\/div>\n\t\t<\/div>\n\t\t\t\t\t<\/div>\n\t\t<\/section>\n\t\t\t\t\t<\/div>\n\t\t<\/div>\n\t\t\t\t\t<\/div>\n\t\t<\/section>\n\t\t\t\t<section class=\"elementor-section elementor-top-section elementor-element elementor-element-916b0cd elementor-section-boxed elementor-section-height-default elementor-section-height-default elementor-invisible\" data-id=\"916b0cd\" data-element_type=\"section\" data-settings=\"{&quot;background_background&quot;:&quot;classic&quot;,&quot;animation&quot;:&quot;fadeIn&quot;}\">\n\t\t\t\t\t\t<div class=\"elementor-container elementor-column-gap-default\">\n\t\t\t\t\t<div class=\"elementor-column elementor-col-100 elementor-top-column elementor-element elementor-element-c5cb095\" data-id=\"c5cb095\" data-element_type=\"column\">\n\t\t\t<div class=\"elementor-widget-wrap elementor-element-populated\">\n\t\t\t\t\t\t<div class=\"elementor-element elementor-element-c5f665c elementor-widget__width-initial elementor-widget elementor-widget-heading\" data-id=\"c5f665c\" data-element_type=\"widget\" data-widget_type=\"heading.default\">\n\t\t\t\t<div class=\"elementor-widget-container\">\n\t\t\t<h2 class=\"elementor-heading-title elementor-size-default\">Zus\u00e4tzliche Dienstleistungen<\/h2>\t\t<\/div>\n\t\t\t\t<\/div>\n\t\t\t\t<div class=\"elementor-element elementor-element-a9bbc9f elementor-widget elementor-widget-hotelft_elementor_place_slide\" data-id=\"a9bbc9f\" data-element_type=\"widget\" data-settings=\"{&quot;nav_control&quot;:&quot;yes&quot;,&quot;pause_on_hover&quot;:&quot;yes&quot;,&quot;infinite&quot;:&quot;yes&quot;,&quot;autoplay&quot;:&quot;yes&quot;}\" data-widget_type=\"hotelft_elementor_place_slide.default\">\n\t\t\t\t<div class=\"elementor-widget-container\">\n\t\t\t            \n            <div class=\"ova-place-slide\">\n\n            \t<div class=\"info\">\t\n\t\t\t\t\t<h4 class=\"place\"><\/h4>\n\t\t\t\t\t<span class=\"distance\"><\/span>\n\t\t\t\t\t<p class=\"description\"><\/p>\n\t\t\t\t\t \n\t\t\t\t\t     <div class=\"ova-nav\"><\/div>\n\t\t\t\t    \t\t\t\t<\/div>\n\n\t\t\t\t<div class=\"place-slide owl-carousel owl-theme\" data-options=\"{&quot;items&quot;:2.5,&quot;slideBy&quot;:1,&quot;margin&quot;:0,&quot;autoplayHoverPause&quot;:true,&quot;loop&quot;:true,&quot;autoplay&quot;:true,&quot;autoplayTimeout&quot;:5000,&quot;smartSpeed&quot;:500,&quot;rtl&quot;:false,&quot;dots&quot;:false,&quot;nav&quot;:true,&quot;nav_left&quot;:&quot;flaticon flaticon-left&quot;,&quot;nav_right&quot;:&quot;flaticon flaticon-right-arrow&quot;}\">\n\n\t\t\t\t\t\n\t\t\t\t\t\t<div class=\"item\" \n\t\t\t\t\t\t\tdata-place       =\"Fahrradverleih &amp; -strecken\" \n\t\t\t\t\t\t\tdata-distance    =\"\"\n\t\t\t\t\t\t\tdata-description =\"Von Anf\u00e4nger- bis Fortgeschrittenen-Strecken bietet Gr\u00e4chen f\u00fcr jeden Radfahrer etwas, einschlie\u00dflich E-Bike-Verleih und einer voll ausgestatteten Fahrradgarage.\"\n\t\t\t\t\t\t>\n\n                            \n\t\t\t\t\t\t\t\t<div class=\"place-slide-img\">\n\t\t\t\t\t\t\t\t\t<img decoding=\"async\" src=\"https:\/\/dev-v2.graecherhof.ch\/wp-content\/uploads\/2024\/11\/WhatsApp-Image-2024-11-08-at-1.01.19-PM-e1731179601721.jpeg\" alt=\"Activities in Grachen\">\n\t\t\t\t\t\t\t\t<\/div>\n\n\t\t\t\t\t\t\t\n\t\t\t\t\t\t<\/div>\n\n\t\t\t\t\t\n\t\t\t\t\t\t<div class=\"item\" \n\t\t\t\t\t\t\tdata-place       =\"Wintersport-Ausr\u00fcstung\" \n\t\t\t\t\t\t\tdata-distance    =\"\"\n\t\t\t\t\t\t\tdata-description =\"Brauchen Sie Ausr\u00fcstung? Als Gr\u00e4cherhof-Gast erhalten Sie 10 % Rabatt im lokalen Sportgesch\u00e4ft.\"\n\t\t\t\t\t\t>\n\n                            \n\t\t\t\t\t\t\t\t<div class=\"place-slide-img\">\n\t\t\t\t\t\t\t\t\t<img decoding=\"async\" src=\"https:\/\/dev-v2.graecherhof.ch\/wp-content\/uploads\/2024\/11\/WhatsApp-Image-2024-11-08-at-1.01.19-PM-2.jpeg\" alt=\"Activities in Grachen\">\n\t\t\t\t\t\t\t\t<\/div>\n\n\t\t\t\t\t\t\t\n\t\t\t\t\t\t<\/div>\n\n\t\t\t\t\t\n\t\t\t\t\t\t<div class=\"item\" \n\t\t\t\t\t\t\tdata-place       =\"Gef\u00fchrte Touren\" \n\t\t\t\t\t\t\tdata-distance    =\"\"\n\t\t\t\t\t\t\tdata-description =\"Neu in den Bergsportarten? Wir organisieren Skikurse sowie gef\u00fchrte Fahrrad- und Wandertouren.\"\n\t\t\t\t\t\t>\n\n                            \n\t\t\t\t\t\t\t\t<div class=\"place-slide-img\">\n\t\t\t\t\t\t\t\t\t<img decoding=\"async\" src=\"https:\/\/dev-v2.graecherhof.ch\/wp-content\/uploads\/2024\/11\/WhatsApp-Image-2024-11-08-at-1.01.19-PM-1.jpeg\" alt=\"\">\n\t\t\t\t\t\t\t\t<\/div>\n\n\t\t\t\t\t\t\t\n\t\t\t\t\t\t<\/div>\n\n\t\t\t\t\t\n\t\t\t\t\t\t<div class=\"item\" \n\t\t\t\t\t\t\tdata-place       =\"Shuttleservice\" \n\t\t\t\t\t\t\tdata-distance    =\"\"\n\t\t\t\t\t\t\tdata-description =\"Auto-frei? Wir bieten einen Shuttleservice f\u00fcr bequemen Zugang zu nahegelegenen Sehensw\u00fcrdigkeiten.\"\n\t\t\t\t\t\t>\n\n                            \n\t\t\t\t\t\t\t\t<div class=\"place-slide-img\">\n\t\t\t\t\t\t\t\t\t<img decoding=\"async\" src=\"https:\/\/dev-v2.graecherhof.ch\/wp-content\/uploads\/2024\/11\/Gr\u201echenhof_DSC8950-2-2-2-e1731179518975.jpg\" alt=\"\">\n\t\t\t\t\t\t\t\t<\/div>\n\n\t\t\t\t\t\t\t\n\t\t\t\t\t\t<\/div>\n\n\t\t\t\t\t\n\t\t\t\t<\/div>\n\n\t\t\t<\/div>\n\t\t \t\n\t\t\t\t<\/div>\n\t\t\t\t<\/div>\n\t\t\t\t\t<\/div>\n\t\t<\/div>\n\t\t\t\t\t<\/div>\n\t\t<\/section>\n\t\t\t\t<section class=\"elementor-section elementor-top-section elementor-element elementor-element-951c837 elementor-section-boxed elementor-section-height-default elementor-section-height-default elementor-invisible\" data-id=\"951c837\" data-element_type=\"section\" data-settings=\"{&quot;animation&quot;:&quot;fadeInLeft&quot;}\">\n\t\t\t\t\t\t<div class=\"elementor-container elementor-column-gap-default\">\n\t\t\t\t\t<div class=\"elementor-column elementor-col-100 elementor-top-column elementor-element elementor-element-759f735\" data-id=\"759f735\" data-element_type=\"column\">\n\t\t\t<div class=\"elementor-widget-wrap elementor-element-populated\">\n\t\t\t\t\t\t<section class=\"elementor-section elementor-inner-section elementor-element elementor-element-ceed4a5 elementor-section-full_width elementor-section-height-default elementor-section-height-default\" data-id=\"ceed4a5\" data-element_type=\"section\">\n\t\t\t\t\t\t<div class=\"elementor-container elementor-column-gap-no\">\n\t\t\t\t\t<div class=\"elementor-column elementor-col-50 elementor-inner-column elementor-element elementor-element-473ff0d\" data-id=\"473ff0d\" data-element_type=\"column\">\n\t\t\t<div class=\"elementor-widget-wrap elementor-element-populated\">\n\t\t\t\t\t\t<div class=\"elementor-element elementor-element-d105e40 elementor-widget__width-initial elementor-widget elementor-widget-heading\" data-id=\"d105e40\" data-element_type=\"widget\" data-widget_type=\"heading.default\">\n\t\t\t\t<div class=\"elementor-widget-container\">\n\t\t\t<h2 class=\"elementor-heading-title elementor-size-default\">Mehr Ideen n\u00f6tig?<\/h2>\t\t<\/div>\n\t\t\t\t<\/div>\n\t\t\t\t\t<\/div>\n\t\t<\/div>\n\t\t\t\t<div class=\"elementor-column elementor-col-50 elementor-inner-column elementor-element elementor-element-1c34214\" data-id=\"1c34214\" data-element_type=\"column\">\n\t\t\t<div class=\"elementor-widget-wrap elementor-element-populated\">\n\t\t\t\t\t\t<div class=\"elementor-element elementor-element-2115298 elementor-widget__width-initial elementor-widget elementor-widget-text-editor\" data-id=\"2115298\" data-element_type=\"widget\" data-widget_type=\"text-editor.default\">\n\t\t\t\t<div class=\"elementor-widget-container\">\n\t\t\t\t\t\t\t<p>Unser Team ist hier, um Ihnen zu helfen, das Beste aus Ihrem Aufenthalt zu machen. Kontaktieren Sie uns f\u00fcr pers\u00f6nliche Empfehlungen, und wir unterst\u00fctzen Sie gerne bei der Planung Ihres Gr\u00e4chen-Abenteuers.<\/p>\t\t\t\t\t\t<\/div>\n\t\t\t\t<\/div>\n\t\t\t\t\t<\/div>\n\t\t<\/div>\n\t\t\t\t\t<\/div>\n\t\t<\/section>\n\t\t\t\t\t<\/div>\n\t\t<\/div>\n\t\t\t\t\t<\/div>\n\t\t<\/section>\n\t\t\t\t<\/div>\n\t\t","protected":false},"excerpt":{"rendered":"<p>ENTDECKEN Sie Gr\u00e4chen Ihr perfekter Schweizer R\u00fcckzugsort Eingebettet im Oberwallis liegt Gr\u00e4chen auf einer H\u00f6he von 1.620 Metern im S\u00fcden der Schweiz. G\u00fcnstig gelegen zwischen Zermatt, Saas-Fee und Brig, bietet es mit bis zu 300 Sonnentagen im Jahr eine sonnige Auszeit. Nur eine kurze Fahrt von der italienischen Grenze entfernt, ist Gr\u00e4chen ein ruhiger Zufluchtsort [&hellip;]<\/p>\n","protected":false},"author":1,"featured_media":0,"parent":0,"menu_order":0,"comment_status":"closed","ping_status":"closed","template":"elementor_header_footer","meta":{"footnotes":""},"class_list":["post-8484","page","type-page","status-publish","hentry"],"yoast_head":"<!-- This site is optimized with the Yoast SEO plugin v23.9 - https:\/\/yoast.com\/wordpress\/plugins\/seo\/ -->\n<title>Entdecken Sie Gr\u00e4chen | Swiss Getaway mit Familienabenteuern und Outdoor-Aktivit\u00e4ten<\/title>\n<meta name=\"description\" content=\"Entdecken Sie Gr\u00e4chen, Ihren perfekten Schweizer Urlaubsort. Eingebettet in das Oberwallis bietet Gr\u00e4chen atemberaubende Aktivit\u00e4ten zu jeder Jahreszeit, vom Skifahren und Wandern bis hin zu lokalen Erlebnissen wie Weinverkostungen. Planen Sie Ihren idealen Urlaub in den Schweizer Alpen.\" \/>\n<meta name=\"robots\" content=\"index, follow, max-snippet:-1, max-image-preview:large, max-video-preview:-1\" \/>\n<link rel=\"canonical\" href=\"https:\/\/dev-v2.graecherhof.ch\/grachen-region\/\" \/>\n<meta property=\"og:locale\" content=\"de_DE\" \/>\n<meta property=\"og:type\" content=\"article\" \/>\n<meta property=\"og:title\" content=\"Entdecken Sie Gr\u00e4chen | Swiss Getaway mit Familienabenteuern und Outdoor-Aktivit\u00e4ten\" \/>\n<meta property=\"og:description\" content=\"Entdecken Sie Gr\u00e4chen, Ihren perfekten Schweizer Urlaubsort. Eingebettet in das Oberwallis bietet Gr\u00e4chen atemberaubende Aktivit\u00e4ten zu jeder Jahreszeit, vom Skifahren und Wandern bis hin zu lokalen Erlebnissen wie Weinverkostungen. Planen Sie Ihren idealen Urlaub in den Schweizer Alpen.\" \/>\n<meta property=\"og:url\" content=\"https:\/\/dev-v2.graecherhof.ch\/grachen-region\/\" \/>\n<meta property=\"og:site_name\" content=\"Graecherhof\" \/>\n<meta property=\"article:modified_time\" content=\"2025-01-08T09:09:38+00:00\" \/>\n<meta property=\"og:image\" content=\"https:\/\/dev-v2.graecherhof.ch\/wp-content\/uploads\/2024\/11\/Asset-2.png\" \/>\n\t<meta property=\"og:image:width\" content=\"963\" \/>\n\t<meta property=\"og:image:height\" content=\"542\" \/>\n\t<meta property=\"og:image:type\" content=\"image\/png\" \/>\n<meta name=\"twitter:card\" content=\"summary_large_image\" \/>\n<meta name=\"twitter:label1\" content=\"Gesch\u00e4tzte Lesezeit\" \/>\n\t<meta name=\"twitter:data1\" content=\"11\u00a0Minuten\" \/>\n<script type=\"application\/ld+json\" class=\"yoast-schema-graph\">{\"@context\":\"https:\/\/schema.org\",\"@graph\":[{\"@type\":\"WebPage\",\"@id\":\"https:\/\/dev-v2.graecherhof.ch\/grachen-region\/\",\"url\":\"https:\/\/dev-v2.graecherhof.ch\/grachen-region\/\",\"name\":\"Entdecken Sie Gr\u00e4chen | Swiss Getaway mit Familienabenteuern und Outdoor-Aktivit\u00e4ten\",\"isPartOf\":{\"@id\":\"https:\/\/dev-v2.graecherhof.ch\/#website\"},\"primaryImageOfPage\":{\"@id\":\"https:\/\/dev-v2.graecherhof.ch\/grachen-region\/#primaryimage\"},\"image\":{\"@id\":\"https:\/\/dev-v2.graecherhof.ch\/grachen-region\/#primaryimage\"},\"thumbnailUrl\":\"https:\/\/dev-v2.graecherhof.ch\/wp-content\/uploads\/2024\/11\/Asset-2.png\",\"datePublished\":\"2024-11-07T21:23:23+00:00\",\"dateModified\":\"2025-01-08T09:09:38+00:00\",\"description\":\"Entdecken Sie Gr\u00e4chen, Ihren perfekten Schweizer Urlaubsort. Eingebettet in das Oberwallis bietet Gr\u00e4chen atemberaubende Aktivit\u00e4ten zu jeder Jahreszeit, vom Skifahren und Wandern bis hin zu lokalen Erlebnissen wie Weinverkostungen. Planen Sie Ihren idealen Urlaub in den Schweizer Alpen.\",\"breadcrumb\":{\"@id\":\"https:\/\/dev-v2.graecherhof.ch\/grachen-region\/#breadcrumb\"},\"inLanguage\":\"de\",\"potentialAction\":[{\"@type\":\"ReadAction\",\"target\":[\"https:\/\/dev-v2.graecherhof.ch\/grachen-region\/\"]}]},{\"@type\":\"ImageObject\",\"inLanguage\":\"de\",\"@id\":\"https:\/\/dev-v2.graecherhof.ch\/grachen-region\/#primaryimage\",\"url\":\"https:\/\/dev-v2.graecherhof.ch\/wp-content\/uploads\/2024\/11\/Asset-2.png\",\"contentUrl\":\"https:\/\/dev-v2.graecherhof.ch\/wp-content\/uploads\/2024\/11\/Asset-2.png\"},{\"@type\":\"BreadcrumbList\",\"@id\":\"https:\/\/dev-v2.graecherhof.ch\/grachen-region\/#breadcrumb\",\"itemListElement\":[{\"@type\":\"ListItem\",\"position\":1,\"name\":\"Home\",\"item\":\"https:\/\/dev-v2.graecherhof.ch\/\"},{\"@type\":\"ListItem\",\"position\":2,\"name\":\"Region\"}]},{\"@type\":\"WebSite\",\"@id\":\"https:\/\/dev-v2.graecherhof.ch\/#website\",\"url\":\"https:\/\/dev-v2.graecherhof.ch\/\",\"name\":\"Graecherhof\",\"description\":\"Hotel &amp; SPA\",\"potentialAction\":[{\"@type\":\"SearchAction\",\"target\":{\"@type\":\"EntryPoint\",\"urlTemplate\":\"https:\/\/dev-v2.graecherhof.ch\/?s={search_term_string}\"},\"query-input\":{\"@type\":\"PropertyValueSpecification\",\"valueRequired\":true,\"valueName\":\"search_term_string\"}}],\"inLanguage\":\"de\"}]}<\/script>\n<!-- \/ Yoast SEO plugin. -->","yoast_head_json":{"title":"Entdecken Sie Gr\u00e4chen | Swiss Getaway mit Familienabenteuern und Outdoor-Aktivit\u00e4ten","description":"Entdecken Sie Gr\u00e4chen, Ihren perfekten Schweizer Urlaubsort. Eingebettet in das Oberwallis bietet Gr\u00e4chen atemberaubende Aktivit\u00e4ten zu jeder Jahreszeit, vom Skifahren und Wandern bis hin zu lokalen Erlebnissen wie Weinverkostungen. Planen Sie Ihren idealen Urlaub in den Schweizer Alpen.","robots":{"index":"index","follow":"follow","max-snippet":"max-snippet:-1","max-image-preview":"max-image-preview:large","max-video-preview":"max-video-preview:-1"},"canonical":"https:\/\/dev-v2.graecherhof.ch\/grachen-region\/","og_locale":"de_DE","og_type":"article","og_title":"Entdecken Sie Gr\u00e4chen | Swiss Getaway mit Familienabenteuern und Outdoor-Aktivit\u00e4ten","og_description":"Entdecken Sie Gr\u00e4chen, Ihren perfekten Schweizer Urlaubsort. Eingebettet in das Oberwallis bietet Gr\u00e4chen atemberaubende Aktivit\u00e4ten zu jeder Jahreszeit, vom Skifahren und Wandern bis hin zu lokalen Erlebnissen wie Weinverkostungen. Planen Sie Ihren idealen Urlaub in den Schweizer Alpen.","og_url":"https:\/\/dev-v2.graecherhof.ch\/grachen-region\/","og_site_name":"Graecherhof","article_modified_time":"2025-01-08T09:09:38+00:00","og_image":[{"width":963,"height":542,"url":"https:\/\/dev-v2.graecherhof.ch\/wp-content\/uploads\/2024\/11\/Asset-2.png","type":"image\/png"}],"twitter_card":"summary_large_image","twitter_misc":{"Gesch\u00e4tzte Lesezeit":"11\u00a0Minuten"},"schema":{"@context":"https:\/\/schema.org","@graph":[{"@type":"WebPage","@id":"https:\/\/dev-v2.graecherhof.ch\/grachen-region\/","url":"https:\/\/dev-v2.graecherhof.ch\/grachen-region\/","name":"Entdecken Sie Gr\u00e4chen | Swiss Getaway mit Familienabenteuern und Outdoor-Aktivit\u00e4ten","isPartOf":{"@id":"https:\/\/dev-v2.graecherhof.ch\/#website"},"primaryImageOfPage":{"@id":"https:\/\/dev-v2.graecherhof.ch\/grachen-region\/#primaryimage"},"image":{"@id":"https:\/\/dev-v2.graecherhof.ch\/grachen-region\/#primaryimage"},"thumbnailUrl":"https:\/\/dev-v2.graecherhof.ch\/wp-content\/uploads\/2024\/11\/Asset-2.png","datePublished":"2024-11-07T21:23:23+00:00","dateModified":"2025-01-08T09:09:38+00:00","description":"Entdecken Sie Gr\u00e4chen, Ihren perfekten Schweizer Urlaubsort. Eingebettet in das Oberwallis bietet Gr\u00e4chen atemberaubende Aktivit\u00e4ten zu jeder Jahreszeit, vom Skifahren und Wandern bis hin zu lokalen Erlebnissen wie Weinverkostungen. Planen Sie Ihren idealen Urlaub in den Schweizer Alpen.","breadcrumb":{"@id":"https:\/\/dev-v2.graecherhof.ch\/grachen-region\/#breadcrumb"},"inLanguage":"de","potentialAction":[{"@type":"ReadAction","target":["https:\/\/dev-v2.graecherhof.ch\/grachen-region\/"]}]},{"@type":"ImageObject","inLanguage":"de","@id":"https:\/\/dev-v2.graecherhof.ch\/grachen-region\/#primaryimage","url":"https:\/\/dev-v2.graecherhof.ch\/wp-content\/uploads\/2024\/11\/Asset-2.png","contentUrl":"https:\/\/dev-v2.graecherhof.ch\/wp-content\/uploads\/2024\/11\/Asset-2.png"},{"@type":"BreadcrumbList","@id":"https:\/\/dev-v2.graecherhof.ch\/grachen-region\/#breadcrumb","itemListElement":[{"@type":"ListItem","position":1,"name":"Home","item":"https:\/\/dev-v2.graecherhof.ch\/"},{"@type":"ListItem","position":2,"name":"Region"}]},{"@type":"WebSite","@id":"https:\/\/dev-v2.graecherhof.ch\/#website","url":"https:\/\/dev-v2.graecherhof.ch\/","name":"Graecherhof","description":"Hotel &amp; SPA","potentialAction":[{"@type":"SearchAction","target":{"@type":"EntryPoint","urlTemplate":"https:\/\/dev-v2.graecherhof.ch\/?s={search_term_string}"},"query-input":{"@type":"PropertyValueSpecification","valueRequired":true,"valueName":"search_term_string"}}],"inLanguage":"de"}]}},"_links":{"self":[{"href":"https:\/\/dev-v2.graecherhof.ch\/de\/wp-json\/wp\/v2\/pages\/8484","targetHints":{"allow":["GET"]}}],"collection":[{"href":"https:\/\/dev-v2.graecherhof.ch\/de\/wp-json\/wp\/v2\/pages"}],"about":[{"href":"https:\/\/dev-v2.graecherhof.ch\/de\/wp-json\/wp\/v2\/types\/page"}],"author":[{"embeddable":true,"href":"https:\/\/dev-v2.graecherhof.ch\/de\/wp-json\/wp\/v2\/users\/1"}],"replies":[{"embeddable":true,"href":"https:\/\/dev-v2.graecherhof.ch\/de\/wp-json\/wp\/v2\/comments?post=8484"}],"version-history":[{"count":44,"href":"https:\/\/dev-v2.graecherhof.ch\/de\/wp-json\/wp\/v2\/pages\/8484\/revisions"}],"predecessor-version":[{"id":9008,"href":"https:\/\/dev-v2.graecherhof.ch\/de\/wp-json\/wp\/v2\/pages\/8484\/revisions\/9008"}],"wp:attachment":[{"href":"https:\/\/dev-v2.graecherhof.ch\/de\/wp-json\/wp\/v2\/media?parent=8484"}],"curies":[{"name":"wp","href":"https:\/\/api.w.org\/{rel}","templated":true}]}}